{"id":1037,"date":"2016-05-26T15:30:46","date_gmt":"2016-05-26T13:30:46","guid":{"rendered":"http:\/\/www.galerie-slavik.com\/en\/kuenstler\/elisabeth-heine\/"},"modified":"2018-09-25T23:15:14","modified_gmt":"2018-09-25T21:15:14","slug":"elisabeth-heine","status":"publish","type":"page","link":"https:\/\/www.galerie-slavik.com\/en\/elisabeth-heine\/","title":{"rendered":"Elisabeth Heine"},"content":{"rendered":"<div class=\"wpb-content-wrapper\"><div class=\"biografie\"><div id=\"post_thumbnail\"><img src=\"https:\/\/www.galerie-slavik.com\/wp-content\/uploads\/2016\/05\/k014.jpg\" class=\"attachment-full size-full wp-post-image\" alt=\"\" decoding=\"async\" srcset=\"https:\/\/www.galerie-slavik.com\/wp-content\/uploads\/2016\/05\/k014.jpg 320w, https:\/\/www.galerie-slavik.com\/wp-content\/uploads\/2016\/05\/k014-300x300.jpg 300w, https:\/\/www.galerie-slavik.com\/wp-content\/uploads\/2016\/05\/k014-100x100.jpg 100w, https:\/\/www.galerie-slavik.com\/wp-content\/uploads\/2016\/05\/k014-150x150.jpg 150w, https:\/\/www.galerie-slavik.com\/wp-content\/uploads\/2016\/05\/k014-250x250.jpg 250w, https:\/\/www.galerie-slavik.com\/wp-content\/uploads\/2016\/05\/k014-120x120.jpg 120w\" sizes=\"(max-width: 320px) 100vw, 320px\" \/><\/div>\n<h2>Biographie<\/h2>\n<ul>\n<li><span class=\"zeitraum\">1958 <\/span>geboren in Ravensburg<\/li>\n<li><span class=\"zeitraum\">1981-1986 <\/span>Studium an der Fachhochschule f\u00fcr Gestaltung, Pforzheim bei Prof. R. Reiling und Prof. J. R. Lorenzen im Bereich Schmuck- und Ger\u00e4tedesign<\/li>\n<li><span class=\"zeitraum\">1987-1990 <\/span>Studium an der Hochschule f\u00fcr Angewandte Kunst in Wien, Metallgestaltung bei Prof. C. Aub\u00f6ck und Bildhauerei bei Prof. W. Bertoni<\/li>\n<li><span class=\"zeitraum\">1998 <\/span>Lehrauftrag Fachhochschule K\u00f6ln, Design Preis beim Wettbewerb Kunst im \u00f6ffentlichen Raum, Regensburg<\/li>\n<\/ul>\n<h2>Exhibits in public art collections<\/h2>\n<ul>\n<li><b>Exhibits in public art collections:<\/b><\/li>\n<li>Wien, Frankfurt und Solingen.<\/li>\n<\/ul>\n<h2>Exhibitions<\/h2>\n<ul>\n<li>Numerous international exhibitions.<\/li>\n<\/ul>\n<\/div>\n<p class=\"zitat\">\n<p class=\"kuenstlerlink objekte-online\"><a href=\"http:\/\/www.galerie-slavik.com\/en\/produkt-kategorie\/elisabeth-heine-artist\/\">See all objects by Elisabeth Heine<\/a><\/p>\n<p class=\"fotonachweis\">\n<p>[vc_row]<\/p>\n<p>[vc_column]<\/p>\n<div class=\"woocommerce columns-4 \"><ul class=\"products columns-4\">\n<li class=\"product type-product post-3925 status-publish first instock product_cat-artist product_cat-elisabeth-heine-artist product_cat-nicht-startrotation-en product_cat-rings has-post-thumbnail product-type-simple\">\n\t<div class=\"product-artist\">Elisabeth Heine<\/div><div class=\"product-sku\">Nr. 101401<\/div><\/li>\n<li class=\"product type-product post-10782 status-publish instock product_cat-artist product_cat-elisabeth-heine-artist product_cat-nicht-startrotation-en product_cat-rings has-post-thumbnail product-type-simple\">\n\t<div class=\"product-artist\">Elisabeth Heine<\/div><div class=\"product-sku\">Nr. 101420<\/div><\/li>\n<li class=\"product type-product post-3928 status-publish instock product_cat-artist product_cat-elisabeth-heine-artist product_cat-nicht-startrotation-en product_cat-rings has-post-thumbnail product-type-simple\">\n\t<div class=\"product-artist\">Elisabeth Heine<\/div><div class=\"product-sku\">Nr. 101404<\/div><\/li>\n<li class=\"product type-product post-3927 status-publish last instock product_cat-artist product_cat-elisabeth-heine-artist product_cat-nicht-startrotation-en product_cat-rings has-post-thumbnail product-type-simple\">\n\t<div class=\"product-artist\">Elisabeth Heine<\/div><div class=\"product-sku\">Nr. 101403<\/div><\/li>\n<li class=\"product type-product post-3926 status-publish first instock product_cat-artist product_cat-elisabeth-heine-artist product_cat-nicht-startrotation-en product_cat-rings has-post-thumbnail product-type-simple\">\n\t<div class=\"product-artist\">Elisabeth Heine<\/div><div class=\"product-sku\">Nr. 101402<\/div><\/li>\n<li class=\"product type-product post-1918 status-publish instock product_cat-artist product_cat-elisabeth-heine-artist product_cat-nicht-startrotation-en product_cat-rings has-post-thumbnail product-type-simple\">\n\t<div class=\"product-artist\">Elisabeth Heine<\/div><div class=\"product-sku\">Nr. 101419<\/div><\/li>\n<\/ul>\n<\/div>\n<p>[\/vc_column]<\/p>\n<p>[\/vc_row]<\/p>\n<\/div>","protected":false},"excerpt":{"rendered":"Biographie 1958 geboren in Ravensburg 1981-1986 Studium an der Fachhochschule f\u00fcr Gestaltung, Pforzheim bei Prof. R. Reiling und Prof. J. R. Lorenzen im Bereich Schmuck- und Ger\u00e4tedesign 1987-1990 Studium an der Hochschule f\u00fcr Angewandte Kunst in Wien, Metallgestaltung bei Prof. C. Aub\u00f6ck und Bildhauerei bei Prof. W. Bertoni 1998 Lehrauftrag Fachhochschule K\u00f6ln, Design Preis beim&#8230; <a class=\"view-article\" href=\"https:\/\/www.galerie-slavik.com\/en\/elisabeth-heine\/\">View Article<\/a>","protected":false},"author":4,"featured_media":742,"parent":0,"menu_order":0,"comment_status":"closed","ping_status":"open","template":"","meta":{"footnotes":""},"categories":[135,619],"tags":[],"_links":{"self":[{"href":"https:\/\/www.galerie-slavik.com\/en\/wp-json\/wp\/v2\/pages\/1037"}],"collection":[{"href":"https:\/\/www.galerie-slavik.com\/en\/wp-json\/wp\/v2\/pages"}],"about":[{"href":"https:\/\/www.galerie-slavik.com\/en\/wp-json\/wp\/v2\/types\/page"}],"author":[{"embeddable":true,"href":"https:\/\/www.galerie-slavik.com\/en\/wp-json\/wp\/v2\/users\/4"}],"replies":[{"embeddable":true,"href":"https:\/\/www.galerie-slavik.com\/en\/wp-json\/wp\/v2\/comments?post=1037"}],"version-history":[{"count":3,"href":"https:\/\/www.galerie-slavik.com\/en\/wp-json\/wp\/v2\/pages\/1037\/revisions"}],"predecessor-version":[{"id":1632,"href":"https:\/\/www.galerie-slavik.com\/en\/wp-json\/wp\/v2\/pages\/1037\/revisions\/1632"}],"wp:featuredmedia":[{"embeddable":true,"href":"https:\/\/www.galerie-slavik.com\/en\/wp-json\/wp\/v2\/media\/742"}],"wp:attachment":[{"href":"https:\/\/www.galerie-slavik.com\/en\/wp-json\/wp\/v2\/media?parent=1037"}],"wp:term":[{"taxonomy":"category","embeddable":true,"href":"https:\/\/www.galerie-slavik.com\/en\/wp-json\/wp\/v2\/categories?post=1037"},{"taxonomy":"post_tag","embeddable":true,"href":"https:\/\/www.galerie-slavik.com\/en\/wp-json\/wp\/v2\/tags?post=1037"}],"curies":[{"name":"wp","href":"https:\/\/api.w.org\/{rel}","templated":true}]}}