{"id":1076,"date":"2023-10-19T12:42:30","date_gmt":"2023-10-19T10:42:30","guid":{"rendered":"http:\/\/www.galerie-slavik.com\/en\/kuenstler\/wolfgang-rahs\/"},"modified":"2023-10-19T12:42:30","modified_gmt":"2023-10-19T10:42:30","slug":"wolfgang-rahs","status":"publish","type":"page","link":"https:\/\/www.galerie-slavik.com\/en\/wolfgang-rahs\/","title":{"rendered":"Wolfgang Rahs"},"content":{"rendered":"<div class=\"wpb-content-wrapper\"><div class=\"biografie\"><div id=\"post_thumbnail\"><img src=\"https:\/\/www.galerie-slavik.com\/wp-content\/uploads\/2016\/05\/k118.jpg\" class=\"attachment-full size-full wp-post-image\" alt=\"\" decoding=\"async\" srcset=\"https:\/\/www.galerie-slavik.com\/wp-content\/uploads\/2016\/05\/k118.jpg 300w, https:\/\/www.galerie-slavik.com\/wp-content\/uploads\/2016\/05\/k118-100x100.jpg 100w, https:\/\/www.galerie-slavik.com\/wp-content\/uploads\/2016\/05\/k118-150x150.jpg 150w, https:\/\/www.galerie-slavik.com\/wp-content\/uploads\/2016\/05\/k118-250x250.jpg 250w, https:\/\/www.galerie-slavik.com\/wp-content\/uploads\/2016\/05\/k118-120x120.jpg 120w\" sizes=\"(max-width: 300px) 100vw, 300px\" \/><\/div>\n<h2>Biographie<\/h2>\n<ul>\n<li><span class=\"zeitraum\">1952 <\/span>geboren in Vorau\/Steiermark, lebt in Graz<\/li>\n<li><span class=\"zeitraum\">1966-70 <\/span>HTBL-Fachschule f\u00fcr gestaltendes Metallhandwerk, Graz<\/li>\n<li><span class=\"zeitraum\">1971-72 <\/span>Modellgoldschmied, Lindau\/Deutschland<\/li>\n<li><span class=\"zeitraum\">1976\/77 <\/span>Emailleur und Goldschmied, Johannesburg\/RSA<\/li>\n<li><span class=\"zeitraum\">1979 <\/span>Einrtitt in die K\u00fcnstlergruppe 77<\/li>\n<li><span class=\"zeitraum\">1981 <\/span>Gast des Crafts Board of the Australia Council<\/li>\n<li><span class=\"zeitraum\">1987 <\/span>Mitbegr\u00fcnder der Werkstadt Graz<\/li>\n<li><span class=\"zeitraum\">1992 <\/span>Gastlehrer am Royal College of Art, London<\/li>\n<li><span class=\"zeitraum\">1197\/98 <\/span>Kurator f\u00fcr Graz gr\u00fc\u00dft Villa De Bondt<\/li>\n<\/ul>\n<h2>Exhibits in public art collections<\/h2>\n<ul>\n<li>Museum f\u00fcr Angewandte Kunst, Wien<\/li>\n<li>Neue Galerie am Landesmuseum Joanneum, Graz<\/li>\n<li>Kunstgewerbe am Landesmuseum Joanneum, Graz<\/li>\n<li>Studiensammlung des Royal College of Art, London<\/li>\n<li>Artothek des Bundeskanzleramtes, Wien<\/li>\n<li>Badisches Landesmuseum, Karlsruhe<\/li>\n<li>Die Neue Sammlung &#8211; The Design Museum, Pinakothek der Moderne,Danner-Stiftung, Monaco (Ger)<\/li>\n<li>Dallas Museum of Art, Deedie Rose Collection, Texas (USA) former collection of Inge Asenbaum, Vienna (Aut)<\/li>\n<li>Helen Williams Drutt Family Collections USA<\/li>\n<li>Bollmann Collection, Vienna (Aut)<\/li>\n<li>Vandekerckhove Collection , Villa de Bondt, Gent (BE)<\/li>\n<li>Wolf Collection, Gleisdorf (Aut)<\/li>\n<li>private collections<\/li>\n<\/ul>\n<h2>Exhibitions<\/h2>\n<ul>\n<li>many national and international exhibitions<\/li>\n<li><\/li>\n<li><\/li>\n<li><\/li>\n<li><\/li>\n<li><\/li>\n<li><\/li>\n<li><\/li>\n<li><\/li>\n<li><\/li>\n<li><\/li>\n<li><\/li>\n<li><\/li>\n<li><\/li>\n<li><\/li>\n<li><\/li>\n<li><\/li>\n<li><\/li>\n<li><\/li>\n<li><\/li>\n<li><\/li>\n<li><\/li>\n<li><\/li>\n<li><\/li>\n<li><\/li>\n<li><\/li>\n<li><\/li>\n<li><\/li>\n<li><\/li>\n<li><\/li>\n<li><\/li>\n<li><\/li>\n<li><\/li>\n<li><\/li>\n<li><\/li>\n<li><\/li>\n<li><\/li>\n<li><\/li>\n<li><\/li>\n<li><\/li>\n<li><\/li>\n<li><\/li>\n<li><\/li>\n<li><\/li>\n<li><\/li>\n<li><\/li>\n<li><\/li>\n<li><\/li>\n<li><\/li>\n<li><\/li>\n<li><\/li>\n<li><\/li>\n<li><\/li>\n<li><\/li>\n<li><\/li>\n<li><\/li>\n<li><\/li>\n<li><\/li>\n<li><\/li>\n<li><\/li>\n<li><\/li>\n<li><\/li>\n<li><\/li>\n<li><\/li>\n<li><\/li>\n<li><\/li>\n<li><\/li>\n<li><\/li>\n<li><\/li>\n<li><\/li>\n<li><\/li>\n<li><\/li>\n<li><\/li>\n<li><\/li>\n<li><\/li>\n<\/ul>\n<\/div>\n<p class=\"zitat\">\n<p class=\"kuenstlerlink objekte-online\"><a href=\"http:\/\/www.galerie-slavik.com\/en\/produkt-kategorie\/wolfgang-rahs\/\">See all objects by Wolfgang Rahs<\/a><\/p>\n<p class=\"fotonachweis\">\n<p>[vc_row]<\/p>\n<p>[vc_column]<\/p>\n<div class=\"woocommerce columns-4 \"><\/div>\n<p>[\/vc_column]<\/p>\n<p>[\/vc_row]<\/p>\n<\/div>","protected":false},"excerpt":{"rendered":"Biographie 1952 geboren in Vorau\/Steiermark, lebt in Graz 1966-70 HTBL-Fachschule f\u00fcr gestaltendes Metallhandwerk, Graz 1971-72 Modellgoldschmied, Lindau\/Deutschland 1976\/77 Emailleur und Goldschmied, Johannesburg\/RSA 1979 Einrtitt in die K\u00fcnstlergruppe 77 1981 Gast des Crafts Board of the Australia Council 1987 Mitbegr\u00fcnder der Werkstadt Graz 1992 Gastlehrer am Royal College of Art, London 1197\/98 Kurator f\u00fcr Graz gr\u00fc\u00dft&#8230; <a class=\"view-article\" href=\"https:\/\/www.galerie-slavik.com\/en\/wolfgang-rahs\/\">View Article<\/a>","protected":false},"author":0,"featured_media":780,"parent":0,"menu_order":0,"comment_status":"closed","ping_status":"open","template":"","meta":{"footnotes":""},"categories":[135,619],"tags":[],"_links":{"self":[{"href":"https:\/\/www.galerie-slavik.com\/en\/wp-json\/wp\/v2\/pages\/1076"}],"collection":[{"href":"https:\/\/www.galerie-slavik.com\/en\/wp-json\/wp\/v2\/pages"}],"about":[{"href":"https:\/\/www.galerie-slavik.com\/en\/wp-json\/wp\/v2\/types\/page"}],"replies":[{"embeddable":true,"href":"https:\/\/www.galerie-slavik.com\/en\/wp-json\/wp\/v2\/comments?post=1076"}],"version-history":[{"count":6,"href":"https:\/\/www.galerie-slavik.com\/en\/wp-json\/wp\/v2\/pages\/1076\/revisions"}],"predecessor-version":[{"id":13054,"href":"https:\/\/www.galerie-slavik.com\/en\/wp-json\/wp\/v2\/pages\/1076\/revisions\/13054"}],"wp:featuredmedia":[{"embeddable":true,"href":"https:\/\/www.galerie-slavik.com\/en\/wp-json\/wp\/v2\/media\/780"}],"wp:attachment":[{"href":"https:\/\/www.galerie-slavik.com\/en\/wp-json\/wp\/v2\/media?parent=1076"}],"wp:term":[{"taxonomy":"category","embeddable":true,"href":"https:\/\/www.galerie-slavik.com\/en\/wp-json\/wp\/v2\/categories?post=1076"},{"taxonomy":"post_tag","embeddable":true,"href":"https:\/\/www.galerie-slavik.com\/en\/wp-json\/wp\/v2\/tags?post=1076"}],"curies":[{"name":"wp","href":"https:\/\/api.w.org\/{rel}","templated":true}]}}