{"id":1081,"date":"2021-09-03T17:47:21","date_gmt":"2021-09-03T15:47:21","guid":{"rendered":"http:\/\/www.galerie-slavik.com\/en\/kuenstler\/margit-jaeschke\/"},"modified":"2021-09-03T17:47:21","modified_gmt":"2021-09-03T15:47:21","slug":"margit-jaeschke","status":"publish","type":"page","link":"https:\/\/www.galerie-slavik.com\/en\/margit-jaeschke\/","title":{"rendered":"Margit J\u00e4schke"},"content":{"rendered":"<div class=\"wpb-content-wrapper\"><div class=\"biografie\"><div id=\"post_thumbnail\"><img src=\"https:\/\/www.galerie-slavik.com\/wp-content\/uploads\/2016\/05\/k138.jpg\" class=\"attachment-full size-full wp-post-image\" alt=\"\" decoding=\"async\" srcset=\"https:\/\/www.galerie-slavik.com\/wp-content\/uploads\/2016\/05\/k138.jpg 320w, https:\/\/www.galerie-slavik.com\/wp-content\/uploads\/2016\/05\/k138-250x241.jpg 250w, https:\/\/www.galerie-slavik.com\/wp-content\/uploads\/2016\/05\/k138-120x116.jpg 120w\" sizes=\"(max-width: 320px) 100vw, 320px\" \/><\/div>\n<h2>Biographie<\/h2>\n<ul>\n<li><span class=\"zeitraum\">1962 <\/span>in Halle geboren<\/li>\n<li><span class=\"zeitraum\">1983-1991 <\/span>Studium an der Burg Giebichenstein &#8211;<\/li>\n<li>Hochschule f\u00fcr Kunst und Design, Halle,<\/li>\n<li>Fachgebiet Schmuck bei Renate Heintze und Dorothea Pr\u00fchl<\/li>\n<li><span class=\"zeitraum\">1991 <\/span>Diplom<\/li>\n<li>seit 1991 freischaffend in Halle t\u00e4tig<\/li>\n<li><span class=\"zeitraum\">1993 <\/span>Geburt der Tochter Linn<\/li>\n<li><span class=\"zeitraum\">1992-2001 <\/span>Lehrt\u00e4tigkeit an der Burg Giebichenstein &#8211;<\/li>\n<li>Hochschule f\u00fcr Kunst und Design, Halle<\/li>\n<li><span class=\"zeitraum\">1999 <\/span>Geburt des Sohnes Louis<\/li>\n<li><span class=\"zeitraum\">1991 <\/span>Arbeitsstipendium des Landes Sachsen-Anhalt<\/li>\n<li><span class=\"zeitraum\">1993-1994 <\/span>Arbeitsstipendium der Stiftung Kulturfonds Berlin<\/li>\n<\/ul>\n<h2>Exhibits in public art collections<\/h2>\n<ul>\n<li><span class=\"zeitraum\">1993 <\/span>Sammlung des Vereins- und Westbank AG, Hamburg<\/li>\n<li><span class=\"zeitraum\">1994 <\/span>Kultusminister des Landes Sachsen-Anhalt<\/li>\n<li><span class=\"zeitraum\">1995 <\/span>Commerzbank Halle<\/li>\n<li><span class=\"zeitraum\">1996 <\/span>Commerzbank Naumburg<\/li>\n<li><span class=\"zeitraum\">1997 <\/span>Kunstsammlung MEAG Halle<\/li>\n<li><span class=\"zeitraum\">1998 <\/span>Gasunie Gr\u00f6ningen \/ Niederlande<\/li>\n<li><span class=\"zeitraum\">1999 <\/span>Sparkasse Halle (Ger)<\/li>\n<li><span class=\"zeitraum\">2000 <\/span>Landesarbeitsamt Sachsen-Anhalt-Th\u00fcringen (Ger)<\/li>\n<li>Landesarbeitsamt Sachsen-Anhalt-Th\u00fcringen (Ger)<\/li>\n<li><span class=\"zeitraum\">2001 <\/span>Konzentration GmbH, Willy-Brandt-Haus (Ger)<\/li>\n<li><span class=\"zeitraum\">2002 <\/span>Museum f\u00fcr Kunsthandwerk,<br \/>Grassimuseum, Leipzig (Ger)<\/li>\n<li><span class=\"zeitraum\">2008 <\/span>Museum Moritzburg,<br \/>Kunstmuseum des Landes Sachsen Anhalt (Ger):<br \/>Collection Bollmann, Wien A<\/li>\n<li><span class=\"zeitraum\">2012 <\/span>Museum f\u00fcr Kunsthandwerk,<br \/>Grassimuseum Leipzig (Ger)<\/li>\n<li><span class=\"zeitraum\">2014 <\/span>The Metropolitan Museum of art, NY:<br \/>Deutsches Goldschmiedehaus Harnau:<br \/>Newark Museum, Newark NY<\/li>\n<li><span class=\"zeitraum\">2015 <\/span>Museum f\u00fcr Naturkunde, Chemnitz (Ger)<br \/>GRASSI Museum f\u00fcr Angewandte<br \/>Kunst, Leipzig (GER);<\/li>\n<li><span class=\"zeitraum\">2016 <\/span>CODA Museum Apeldoorn, NL;<br \/> Marzee Collection, NL<\/li>\n<li><span class=\"zeitraum\">2017 <\/span>Collection Bollmann, Wien A <br \/>Collection M. Fulk AR, USA <br \/>(2006\/2014\/2016\/2017)<\/li>\n<\/ul>\n<h2>Scholarships<\/h2>\n<ul>\n<li><span class=\"zeitraum\">2012 <\/span>Artist in residence Artists\u2019 House Lukas Ahrenshoop<\/li>\n<li><span class=\"zeitraum\">2010 <\/span>Artist in residence in NYC<\/li>\n<\/ul>\n<h2>Awards<\/h2>\n<ul>\n<li><span class=\"zeitraum\">2002 <\/span>Grassi Preis der Galerie Slavik, Leipzig (Ger)<\/li>\n<li><span class=\"zeitraum\">2007 <\/span>Grassi Preis Leipzig (Ger)<\/li>\n<li><span class=\"zeitraum\">2014 <\/span>artists\u00b4grant, 120 years of artists\u00b4 house Lukas Ahrenshoop<\/li>\n<li><span class=\"zeitraum\">2016 <\/span>Award of the Bavarian Academy of Fine Art, Munich (Ger)<\/li>\n<li><\/li>\n<\/ul>\n<h2>Exhibitions<\/h2>\n<ul>\n<li>Auswahl:<\/li>\n<li><span class=\"zeitraum\">1992 <\/span>Rheinsberg, Schlo\u00df Rheinsberg \/ Galerie Zopf, Schmuck und Collagen<\/li>\n<li><span class=\"zeitraum\">1994 <\/span>Lutherstadt Eisleben, Landesb\u00fchne Sachsen-Anhalt,<\/li>\n<li>Collagen; Halle, Deutsche Bank, Arbeiten auf Papier<\/li>\n<li><span class=\"zeitraum\">1995 <\/span>Sangerhausen, Galerie am Kornmarkt, Collagen<\/li>\n<li><span class=\"zeitraum\">1996 <\/span>Halle, Galerie Marktschl\u00f6\u00dfchen, Papier und andere Geschichten<\/li>\n<li><span class=\"zeitraum\">1997 <\/span>Halle, Zeitkunstgalerie, Tapas oder gro\u00dfe Tafel (mit Andreas Richter)<\/li>\n<li><span class=\"zeitraum\">1998 <\/span>Rostock-Warnem\u00fcnde, Galerie M\u00f6ller,<\/li>\n<li>Schmuck, Arbeiten auf Papier<\/li>\n<li><span class=\"zeitraum\">1998 <\/span>Dresden, Staatliche Kunstsammlung Dresden \/ Albertinum<\/li>\n<li>Spontanes auf der Goldwaage, Collagen und Objekte<\/li>\n<li><span class=\"zeitraum\">1999 <\/span>Halle, IMAGO in Halle Malerei, Collage ( mit Achim Niemann )<\/li>\n<li>Wernigerode, Kunstagentur IMAGO Essenzen Margit J\u00e4schke, Schmuck, Papier<\/li>\n<li><span class=\"zeitraum\">2000 <\/span>Magdeburg, Galerie Himmelreich<\/li>\n<li>2x Farbe ( mit Susanne Protzmann )<\/li>\n<li>Naumburg, Art im Salztor<\/li>\n<li>Margit J\u00e4schke, Malerei, Collage, Arbeiten auf Papier<\/li>\n<li><span class=\"zeitraum\">2009 <\/span>Galerie Slavik, Wien<\/li>\n<li><span class=\"zeitraum\">2010 <\/span>Mobilia Gallery Cambridge (MA)<\/li>\n<li><span class=\"zeitraum\">2012 <\/span>Goethe Inst. Max M\u00fcller Bhavan, Pune ;<\/li>\n<li><span class=\"zeitraum\">2012 <\/span>Galeriehaus Grosche, Castrop Rauxel (D)<\/li>\n<li><span class=\"zeitraum\">2013 <\/span>Galerie Slavik, Wien (mit G. Dobler) (A)<\/li>\n<\/ul>\n<\/div>\n<p class=\"zitat\">\n<p class=\"kuenstlerlink objekte-online\"><a href=\"http:\/\/www.galerie-slavik.com\/en\/produkt-kategorie\/margit-jaeschke-artist\/\">See all objects by Margit J\u00e4schke<\/a><\/p>\n<p class=\"fotonachweis\">Margit J\u00e4schke<\/p>\n<p>[vc_row]<\/p>\n<p>[vc_column]<\/p>\n<div class=\"woocommerce columns-4 \"><ul class=\"products columns-4\">\n<li class=\"product type-product post-17339 status-publish first instock product_cat-artist product_cat-brooches product_cat-margit-jaeschke-artist product_cat-nicht-startrotation-en has-post-thumbnail product-type-simple\">\n\t<div class=\"product-artist\">Margit J\u00e4schke<\/div><div class=\"product-sku\">Nr. 113834<\/div><\/li>\n<li class=\"product type-product post-12916 status-publish instock product_cat-artist product_cat-brooches product_cat-margit-jaeschke-artist product_cat-nicht-startrotation-en has-post-thumbnail product-type-simple\">\n\t<div class=\"product-artist\">Margit J\u00e4schke<\/div><div class=\"product-sku\">Nr. 113832<\/div><\/li>\n<li class=\"product type-product post-12913 status-publish instock product_cat-artist product_cat-brooches product_cat-margit-jaeschke-artist product_cat-nicht-startrotation-en has-post-thumbnail product-type-simple\">\n\t<div class=\"product-artist\">Margit J\u00e4schke<\/div><div class=\"product-sku\">Nr. 113831<\/div><\/li>\n<li class=\"product type-product post-12912 status-publish last instock product_cat-artist product_cat-margit-jaeschke-artist product_cat-necklace product_cat-nicht-startrotation-en has-post-thumbnail product-type-simple\">\n\t<div class=\"product-artist\">Margit J\u00e4schke<\/div><div class=\"product-sku\">Nr. 113830<\/div><\/li>\n<li class=\"product type-product post-12911 status-publish first instock product_cat-artist product_cat-brooches product_cat-margit-jaeschke-artist product_cat-nicht-startrotation-en has-post-thumbnail product-type-simple\">\n\t<div class=\"product-artist\">Margit J\u00e4schke<\/div><div class=\"product-sku\">Nr. 113829<\/div><\/li>\n<li class=\"product type-product post-12910 status-publish instock product_cat-artist product_cat-brooches product_cat-margit-jaeschke-artist product_cat-nicht-startrotation-en has-post-thumbnail product-type-simple\">\n\t<div class=\"product-artist\">Margit J\u00e4schke<\/div><div class=\"product-sku\">Nr. 113828<\/div><\/li>\n<li class=\"product type-product post-12909 status-publish instock product_cat-artist product_cat-margit-jaeschke-artist product_cat-necklace product_cat-nicht-startrotation-en has-post-thumbnail product-type-simple\">\n\t<div class=\"product-artist\">Margit J\u00e4schke<\/div><div class=\"product-sku\">Nr. 113827<\/div><\/li>\n<li class=\"product type-product post-12514 status-publish last instock product_cat-artist product_cat-brooches product_cat-margit-jaeschke-artist product_cat-nicht-startrotation-en has-post-thumbnail product-type-simple\">\n\t<div class=\"product-artist\">Margit J\u00e4schke<\/div><div class=\"product-sku\">Nr. 113826<\/div><\/li>\n<\/ul>\n<\/div>\n<p>[\/vc_column]<\/p>\n<p>[\/vc_row]<\/p>\n<\/div>","protected":false},"excerpt":{"rendered":"Biographie 1962 in Halle geboren 1983-1991 Studium an der Burg Giebichenstein &#8211; Hochschule f\u00fcr Kunst und Design, Halle, Fachgebiet Schmuck bei Renate Heintze und Dorothea Pr\u00fchl 1991 Diplom seit 1991 freischaffend in Halle t\u00e4tig 1993 Geburt der Tochter Linn 1992-2001 Lehrt\u00e4tigkeit an der Burg Giebichenstein &#8211; Hochschule f\u00fcr Kunst und Design, Halle 1999 Geburt des&#8230; <a class=\"view-article\" href=\"https:\/\/www.galerie-slavik.com\/en\/margit-jaeschke\/\">View Article<\/a>","protected":false},"author":0,"featured_media":782,"parent":0,"menu_order":0,"comment_status":"closed","ping_status":"open","template":"","meta":{"footnotes":""},"categories":[135,619],"tags":[],"_links":{"self":[{"href":"https:\/\/www.galerie-slavik.com\/en\/wp-json\/wp\/v2\/pages\/1081"}],"collection":[{"href":"https:\/\/www.galerie-slavik.com\/en\/wp-json\/wp\/v2\/pages"}],"about":[{"href":"https:\/\/www.galerie-slavik.com\/en\/wp-json\/wp\/v2\/types\/page"}],"replies":[{"embeddable":true,"href":"https:\/\/www.galerie-slavik.com\/en\/wp-json\/wp\/v2\/comments?post=1081"}],"version-history":[{"count":5,"href":"https:\/\/www.galerie-slavik.com\/en\/wp-json\/wp\/v2\/pages\/1081\/revisions"}],"predecessor-version":[{"id":11541,"href":"https:\/\/www.galerie-slavik.com\/en\/wp-json\/wp\/v2\/pages\/1081\/revisions\/11541"}],"wp:featuredmedia":[{"embeddable":true,"href":"https:\/\/www.galerie-slavik.com\/en\/wp-json\/wp\/v2\/media\/782"}],"wp:attachment":[{"href":"https:\/\/www.galerie-slavik.com\/en\/wp-json\/wp\/v2\/media?parent=1081"}],"wp:term":[{"taxonomy":"category","embeddable":true,"href":"https:\/\/www.galerie-slavik.com\/en\/wp-json\/wp\/v2\/categories?post=1081"},{"taxonomy":"post_tag","embeddable":true,"href":"https:\/\/www.galerie-slavik.com\/en\/wp-json\/wp\/v2\/tags?post=1081"}],"curies":[{"name":"wp","href":"https:\/\/api.w.org\/{rel}","templated":true}]}}