{"id":11645,"date":"2021-10-28T14:19:16","date_gmt":"2021-10-28T12:19:16","guid":{"rendered":"http:\/\/www.galerie-slavik.com\/en\/gabriele-hain\/"},"modified":"2021-10-28T14:19:16","modified_gmt":"2021-10-28T12:19:16","slug":"gabriele-hain","status":"publish","type":"page","link":"https:\/\/www.galerie-slavik.com\/en\/gabriele-hain\/","title":{"rendered":"Gabriele Hain"},"content":{"rendered":"<div class=\"wpb-content-wrapper\"><div class=\"biografie\"><div id=\"post_thumbnail\"><img src=\"https:\/\/www.galerie-slavik.com\/wp-content\/uploads\/2016\/06\/k073.jpg\" class=\"attachment-full size-full wp-post-image\" alt=\"\" decoding=\"async\" srcset=\"https:\/\/www.galerie-slavik.com\/wp-content\/uploads\/2016\/06\/k073.jpg 204w, https:\/\/www.galerie-slavik.com\/wp-content\/uploads\/2016\/06\/k073-120x142.jpg 120w\" sizes=\"(max-width: 204px) 100vw, 204px\" \/><\/div>\n<h2>Biographie<\/h2>\n<ul>\n<li><span class=\"zeitraum\">1955 <\/span>in Aigen, Ober\u00f6sterreich, geboren<\/li>\n<li><span class=\"zeitraum\">1975-80 <\/span>Hochschule f\u00fcr k\u00fcnstlerische und industrielle Gestaltung, Linz<\/li>\n<li><span class=\"zeitraum\">1980-81 <\/span>zehnmonatiger Studienaufenthalt in Helsinki<\/li>\n<li><span class=\"zeitraum\">1981-85 <\/span>artist in residence bei Bing &#038; Grondahl, Kopenhagen<\/li>\n<li><span class=\"zeitraum\">1984, 1987 <\/span>einmonatige workshops im Studio von Contemporary Porcelain, New York<\/li>\n<li><span class=\"zeitraum\">1985 <\/span>\u00dcbersiedelung nach \u00d6sterreich und Gr\u00fcndung einer eigenen Werkstatt<\/li>\n<li><span class=\"zeitraum\">1990 <\/span>Errichtung der gemeinsamen Wohnung und Werkstatt mit Alois Hain in Haslach an der M\u00fchl, Ober\u00f6sterreich<\/li>\n<\/ul>\n<h2>Exhibits in public art collections<\/h2>\n<ul>\n<li>Arbeiten in Museen \/ Exhibits in public art collections<\/li>\n<li>Wien, Hamburg, Kopenhagen<\/li>\n<\/ul>\n<h2>Scholarships<\/h2>\n<ul>\n<li><span class=\"zeitraum\">1980 <\/span>Helsinki<\/li>\n<li><span class=\"zeitraum\">1987 <\/span>Poul Simonsens Jubil\u00e4umslegat der Fa. Bing &#038; Grondahl, Reisestipendium<\/li>\n<li><span class=\"zeitraum\">1993 <\/span>Japanstipendium des BMf Unterricht und Kunst<\/li>\n<\/ul>\n<h2>Awards<\/h2>\n<ul>\n<li><span class=\"zeitraum\">1980 <\/span>F\u00f6rderungspreis der O\u00d6 Landesregierung<\/li>\n<li><span class=\"zeitraum\">1980 <\/span>W\u00fcrdigungspreis des BMf Wissenschaft u. Forschung<\/li>\n<li><span class=\"zeitraum\">1988 <\/span>Modernes Wohnen, Werkhaus, Fuschl am See, 1. Preis<\/li>\n<li><span class=\"zeitraum\">1996 <\/span>Kiwanis-Kleinplastikwettbewerb, 3. Preis<\/li>\n<li><span class=\"zeitraum\">1997 <\/span>Keramik-Preise 1998 des Landes Salzburg, 2. Preis<\/li>\n<\/ul>\n<h2>Exhibitions<\/h2>\n<ul>\n<li>Numerous international exhibitions.<\/li>\n<\/ul>\n<\/div>\n<p class=\"zitat\">\n<p class=\"kuenstlerlink objekte-online\"><a href=\"http:\/\/www.galerie-slavik.com\/en\/produkt-kategorie\/gabriele-hain-artist\/\">See all objects by Gabriele Hain<\/a><\/p>\n<p class=\"fotonachweis\">Gabriele Hain<\/p>\n<p>[vc_row]<\/p>\n<p>[vc_column]<\/p>\n<div class=\"woocommerce columns-4 \"><ul class=\"products columns-4\">\n<li class=\"product type-product post-11655 status-publish first instock product_cat--uebersetzung-fehlt- product_cat-artist product_cat-gabriele-hain-artist product_cat-nicht-startrotation-en has-post-thumbnail product-type-simple\">\n\t<div class=\"product-artist\">Gabriele Hain<\/div><div class=\"product-sku\">Nr. 107303<\/div><\/li>\n<li class=\"product type-product post-11654 status-publish instock product_cat--uebersetzung-fehlt- product_cat-artist product_cat-gabriele-hain-artist product_cat-nicht-startrotation-en has-post-thumbnail product-type-simple\">\n\t<div class=\"product-artist\">Gabriele Hain<\/div><div class=\"product-sku\">Nr. 107302<\/div><\/li>\n<li class=\"product type-product post-11657 status-publish instock product_cat--uebersetzung-fehlt- product_cat-artist product_cat-gabriele-hain-artist product_cat-nicht-startrotation-en has-post-thumbnail product-type-simple\">\n\t<div class=\"product-artist\">Gabriele Hain<\/div><div class=\"product-sku\">Nr. 107305<\/div><\/li>\n<li class=\"product type-product post-11656 status-publish last instock product_cat--uebersetzung-fehlt- product_cat-artist product_cat-gabriele-hain-artist product_cat-nicht-startrotation-en has-post-thumbnail product-type-simple\">\n\t<div class=\"product-artist\">Gabriele Hain<\/div><div class=\"product-sku\">Nr. 107304<\/div><\/li>\n<\/ul>\n<\/div>\n<p>[\/vc_column]<\/p>\n<p>[\/vc_row]<\/p>\n<\/div>","protected":false},"excerpt":{"rendered":"Biographie 1955 in Aigen, Ober\u00f6sterreich, geboren 1975-80 Hochschule f\u00fcr k\u00fcnstlerische und industrielle Gestaltung, Linz 1980-81 zehnmonatiger Studienaufenthalt in Helsinki 1981-85 artist in residence bei Bing &#038; Grondahl, Kopenhagen 1984, 1987 einmonatige workshops im Studio von Contemporary Porcelain, New York 1985 \u00dcbersiedelung nach \u00d6sterreich und Gr\u00fcndung einer eigenen Werkstatt 1990 Errichtung der gemeinsamen Wohnung und Werkstatt&#8230; <a class=\"view-article\" href=\"https:\/\/www.galerie-slavik.com\/en\/gabriele-hain\/\">View Article<\/a>","protected":false},"author":0,"featured_media":5813,"parent":0,"menu_order":0,"comment_status":"closed","ping_status":"open","template":"","meta":{"footnotes":""},"categories":[619],"tags":[],"_links":{"self":[{"href":"https:\/\/www.galerie-slavik.com\/en\/wp-json\/wp\/v2\/pages\/11645"}],"collection":[{"href":"https:\/\/www.galerie-slavik.com\/en\/wp-json\/wp\/v2\/pages"}],"about":[{"href":"https:\/\/www.galerie-slavik.com\/en\/wp-json\/wp\/v2\/types\/page"}],"replies":[{"embeddable":true,"href":"https:\/\/www.galerie-slavik.com\/en\/wp-json\/wp\/v2\/comments?post=11645"}],"version-history":[{"count":0,"href":"https:\/\/www.galerie-slavik.com\/en\/wp-json\/wp\/v2\/pages\/11645\/revisions"}],"wp:featuredmedia":[{"embeddable":true,"href":"https:\/\/www.galerie-slavik.com\/en\/wp-json\/wp\/v2\/media\/5813"}],"wp:attachment":[{"href":"https:\/\/www.galerie-slavik.com\/en\/wp-json\/wp\/v2\/media?parent=11645"}],"wp:term":[{"taxonomy":"category","embeddable":true,"href":"https:\/\/www.galerie-slavik.com\/en\/wp-json\/wp\/v2\/categories?post=11645"},{"taxonomy":"post_tag","embeddable":true,"href":"https:\/\/www.galerie-slavik.com\/en\/wp-json\/wp\/v2\/tags?post=11645"}],"curies":[{"name":"wp","href":"https:\/\/api.w.org\/{rel}","templated":true}]}}