{"id":11732,"date":"2022-09-07T15:52:04","date_gmt":"2022-09-07T13:52:04","guid":{"rendered":"http:\/\/www.galerie-slavik.com\/en\/doris-betz\/"},"modified":"2022-09-07T15:52:05","modified_gmt":"2022-09-07T13:52:05","slug":"doris-betz","status":"publish","type":"page","link":"https:\/\/www.galerie-slavik.com\/en\/doris-betz\/","title":{"rendered":"Doris Betz"},"content":{"rendered":"<div class=\"wpb-content-wrapper\"><div class=\"biografie\"><div id=\"post_thumbnail\"><img src=\"https:\/\/www.galerie-slavik.com\/wp-content\/uploads\/2021\/12\/k248.jpg\" class=\"attachment-full size-full wp-post-image\" alt=\"\" decoding=\"async\" srcset=\"https:\/\/www.galerie-slavik.com\/wp-content\/uploads\/2021\/12\/k248.jpg 300w, https:\/\/www.galerie-slavik.com\/wp-content\/uploads\/2021\/12\/k248-100x100.jpg 100w, https:\/\/www.galerie-slavik.com\/wp-content\/uploads\/2021\/12\/k248-150x150.jpg 150w, https:\/\/www.galerie-slavik.com\/wp-content\/uploads\/2021\/12\/k248-250x250.jpg 250w, https:\/\/www.galerie-slavik.com\/wp-content\/uploads\/2021\/12\/k248-120x120.jpg 120w\" sizes=\"(max-width: 300px) 100vw, 300px\" \/><\/div>\n<h2>Biographie<\/h2>\n<ul>\n<li><span class=\"zeitraum\">1960 <\/span>geboren<\/li>\n<li><span class=\"zeitraum\">1990-96 <\/span>Academy of Fine Arts with Hermann J\u00fcnger and Otto K\u00fcnzli (Ger)<\/li>\n<li><span class=\"zeitraum\">1996 <\/span>graduation<\/li>\n<li><span class=\"zeitraum\">2006-09 <\/span>Academy of Fine Arts, Munich (Ger), assistant to Otto K\u00fcnzli<\/li>\n<\/ul>\n<h2>Exhibits in public art collections<\/h2>\n<ul>\n<li>The Design Museum, Danner-Foundation, Munich (Ger)<\/li>\n<li>mudac \u2013 Mus\u00e9e de design et d\u00b4arts appliqu\u00e9s contemporains, Lausanne (CH)<\/li>\n<li>Jewellery Museum, Pforzheim (Ger)<\/li>\n<li>Stedeljik Museum, Amsterdam ( NL)<\/li>\n<li>The Mint Museum of Art and Design, North Carolina (USA)<\/li>\n<li>Gallery of Art, Legnica ( PL)<\/li>\n<li>Cooper-Hewitt Smithsonian Design Museum, New York ( USA)<\/li>\n<li>Art Gallery of South Australia, Adelaide (Aus)<\/li>\n<li>CODA Museum, Apeldoorn ( NL)<\/li>\n<\/ul>\n<h2>Scholarships<\/h2>\n<ul>\n<li><span class=\"zeitraum\">1997 <\/span>Deutsches Museum, Munich (Ger)<\/li>\n<li><span class=\"zeitraum\">2000 <\/span>Artist in Residence, Vienna \/ AT<\/li>\n<li><span class=\"zeitraum\">2006 <\/span>studio support of the city of Munich (Ger)<\/li>\n<li><span class=\"zeitraum\">2017 <\/span>project scholarship Erwin &#038; Gisela von Steiner Foundation, Munich (Ger);<br \/>project scholarship Danner Stiftung Munich (Ger)<\/li>\n<\/ul>\n<h2>Awards<\/h2>\n<ul>\n<li><span class=\"zeitraum\">1994 <\/span>Development Award, Deutsches Elfenbeinmuseum, Erbach (Ger)<\/li>\n<li><span class=\"zeitraum\">1996 <\/span>Herbert Hofmann Award, IHM, Munich<br \/>(Ger)<\/li>\n<li><span class=\"zeitraum\">1997 <\/span>promotion prize for applied arts of the city of Munich (Ger)<\/li>\n<li><span class=\"zeitraum\">1999 <\/span>Development Award, F\u00f6rderkreis Bildende Kunst in N\u00fcrnberg (Ger)<\/li>\n<li><span class=\"zeitraum\">2010 <\/span>Bavarian State Award, IHM, Munich (Ger)<\/li>\n<li><\/li>\n<\/ul>\n<h2>Exhibitions<\/h2>\n<ul>\n<li>numerous exhibitions also abroad<\/li>\n<\/ul>\n<h2>Publications<\/h2>\n<ul>\n<li><span class=\"zeitraum\">2017 <\/span>Doris Betz, Schmuck und Zeichnung von Monika Fahn, Arnoldsche Art Publishers<\/li>\n<\/ul>\n<\/div>\n<p class=\"zitat\">\n<p class=\"kuenstlerlink objekte-online\"><a href=\"http:\/\/www.galerie-slavik.com\/en\/produkt-kategorie\/doris-betz\/\">See all objects by Doris Betz<\/a><\/p>\n<p class=\"fotonachweis\">\n<p>[vc_row]<\/p>\n<p>[vc_column]<\/p>\n<div class=\"woocommerce columns-4 \"><ul class=\"products columns-4\">\n<li class=\"product type-product post-13505 status-publish first instock product_cat-artist product_cat-brooches product_cat-doris-betz product_cat-nicht-startrotation-en has-post-thumbnail product-type-simple\">\n\t<div class=\"product-artist\">Doris Betz<\/div><div class=\"product-sku\">Nr. 124813<\/div><\/li>\n<li class=\"product type-product post-13524 status-publish instock product_cat-artist product_cat-doris-betz product_cat-necklace product_cat-nicht-startrotation-en has-post-thumbnail product-type-simple\">\n\t<div class=\"product-artist\">Doris Betz<\/div><div class=\"product-sku\">Nr. 124814<\/div><\/li>\n<li class=\"product type-product post-12184 status-publish instock product_cat-artist product_cat-doris-betz product_cat-necklace product_cat-nicht-startrotation-en has-post-thumbnail product-type-simple\">\n\t<div class=\"product-artist\">Doris Betz<\/div><div class=\"product-sku\">Nr. 124809<\/div><\/li>\n<li class=\"product type-product post-12180 status-publish last instock product_cat-artist product_cat-bracelet product_cat-doris-betz product_cat-nicht-startrotation-en has-post-thumbnail product-type-simple\">\n\t<div class=\"product-artist\">Doris Betz<\/div><div class=\"product-sku\">Nr. 124810<\/div><\/li>\n<li class=\"product type-product post-12110 status-publish first instock product_cat-artist product_cat-brooches product_cat-doris-betz product_cat-nicht-startrotation-en has-post-thumbnail product-type-simple\">\n\t<div class=\"product-artist\">Doris Betz<\/div><div class=\"product-sku\">Nr. 124807<\/div><\/li>\n<li class=\"product type-product post-12109 status-publish instock product_cat-artist product_cat-brooches product_cat-doris-betz product_cat-nicht-startrotation-en has-post-thumbnail product-type-simple\">\n\t<div class=\"product-artist\">Doris Betz<\/div><div class=\"product-sku\">Nr. 124806<\/div><\/li>\n<li class=\"product type-product post-12108 status-publish instock product_cat-artist product_cat-brooches product_cat-doris-betz product_cat-nicht-startrotation-en has-post-thumbnail product-type-simple\">\n\t<div class=\"product-artist\">Doris Betz<\/div><div class=\"product-sku\">Nr. 124805<\/div><\/li>\n<li class=\"product type-product post-12107 status-publish last instock product_cat-artist product_cat-brooches product_cat-doris-betz product_cat-nicht-startrotation-en has-post-thumbnail product-type-simple\">\n\t<div class=\"product-artist\">Doris Betz<\/div><div class=\"product-sku\">Nr. 124804<\/div><\/li>\n<\/ul>\n<\/div>\n<p>[\/vc_column]<\/p>\n<p>[\/vc_row]<\/p>\n<\/div>","protected":false},"excerpt":{"rendered":"Biographie 1960 geboren 1990-96 Academy of Fine Arts with Hermann J\u00fcnger and Otto K\u00fcnzli (Ger) 1996 graduation 2006-09 Academy of Fine Arts, Munich (Ger), assistant to Otto K\u00fcnzli Exhibits in public art collections The Design Museum, Danner-Foundation, Munich (Ger) mudac \u2013 Mus\u00e9e de design et d\u00b4arts appliqu\u00e9s contemporains, Lausanne (CH) Jewellery Museum, Pforzheim (Ger) Stedeljik&#8230; <a class=\"view-article\" href=\"https:\/\/www.galerie-slavik.com\/en\/doris-betz\/\">View Article<\/a>","protected":false},"author":0,"featured_media":11730,"parent":0,"menu_order":0,"comment_status":"closed","ping_status":"open","template":"","meta":{"footnotes":""},"categories":[619],"tags":[],"_links":{"self":[{"href":"https:\/\/www.galerie-slavik.com\/en\/wp-json\/wp\/v2\/pages\/11732"}],"collection":[{"href":"https:\/\/www.galerie-slavik.com\/en\/wp-json\/wp\/v2\/pages"}],"about":[{"href":"https:\/\/www.galerie-slavik.com\/en\/wp-json\/wp\/v2\/types\/page"}],"replies":[{"embeddable":true,"href":"https:\/\/www.galerie-slavik.com\/en\/wp-json\/wp\/v2\/comments?post=11732"}],"version-history":[{"count":2,"href":"https:\/\/www.galerie-slavik.com\/en\/wp-json\/wp\/v2\/pages\/11732\/revisions"}],"predecessor-version":[{"id":12276,"href":"https:\/\/www.galerie-slavik.com\/en\/wp-json\/wp\/v2\/pages\/11732\/revisions\/12276"}],"wp:featuredmedia":[{"embeddable":true,"href":"https:\/\/www.galerie-slavik.com\/en\/wp-json\/wp\/v2\/media\/11730"}],"wp:attachment":[{"href":"https:\/\/www.galerie-slavik.com\/en\/wp-json\/wp\/v2\/media?parent=11732"}],"wp:term":[{"taxonomy":"category","embeddable":true,"href":"https:\/\/www.galerie-slavik.com\/en\/wp-json\/wp\/v2\/categories?post=11732"},{"taxonomy":"post_tag","embeddable":true,"href":"https:\/\/www.galerie-slavik.com\/en\/wp-json\/wp\/v2\/tags?post=11732"}],"curies":[{"name":"wp","href":"https:\/\/api.w.org\/{rel}","templated":true}]}}