{"id":12433,"date":"2022-11-18T11:50:16","date_gmt":"2022-11-18T10:50:16","guid":{"rendered":"http:\/\/www.galerie-slavik.com\/en\/susanne-hammer\/"},"modified":"2022-11-18T11:50:17","modified_gmt":"2022-11-18T10:50:17","slug":"susanne-hammer","status":"publish","type":"page","link":"https:\/\/www.galerie-slavik.com\/en\/susanne-hammer\/","title":{"rendered":"Susanne Hammer"},"content":{"rendered":"<div class=\"wpb-content-wrapper\"><div class=\"biografie\"><div id=\"post_thumbnail\"><img src=\"https:\/\/www.galerie-slavik.com\/wp-content\/uploads\/2022\/11\/k252.jpg\" class=\"attachment-full size-full wp-post-image\" alt=\"\" decoding=\"async\" srcset=\"https:\/\/www.galerie-slavik.com\/wp-content\/uploads\/2022\/11\/k252.jpg 300w, https:\/\/www.galerie-slavik.com\/wp-content\/uploads\/2022\/11\/k252-100x100.jpg 100w, https:\/\/www.galerie-slavik.com\/wp-content\/uploads\/2022\/11\/k252-150x150.jpg 150w, https:\/\/www.galerie-slavik.com\/wp-content\/uploads\/2022\/11\/k252-250x250.jpg 250w, https:\/\/www.galerie-slavik.com\/wp-content\/uploads\/2022\/11\/k252-120x120.jpg 120w\" sizes=\"(max-width: 300px) 100vw, 300px\" \/><\/div>\n<h2>Biographie<\/h2>\n<ul>\n<li><span class=\"zeitraum\">2004-06 <\/span>studies at the Univeristy of Applied Arts at Vienna, Erwin Wurm \/ Michael Kienzer, Ernst Beranek \/ James Skone)<\/li>\n<li><span class=\"zeitraum\">1986-93 <\/span>studies at the Univeristy of Applied Arts at Vienna, Carl Aub\u00f6ck<\/li>\n<li><span class=\"zeitraum\">1986 <\/span>master&#8217;s diploma for gold smithing<\/li>\n<\/ul>\n<h2>Exhibits in public art collections<\/h2>\n<ul>\n<li>Provinciaal Veiligheidinstituut, Antwerpen<\/li>\n<li>Federal chancellor\u00b4s office, departement of Arts, Vienna (At)<\/li>\n<li>Museum for Applied Arts, Hamburg (Ger)<\/li>\n<li>Museum for Jewellery Pforzheim (Ger)<\/li>\n<li>Museum for Applied Arts, Vienna (At)<\/li>\n<li>Collection of metalls, Vienna (At)<\/li>\n<li>private collections:<br \/>Sammlung K. + H. Bollmann, Vienna (At)<br \/>Collection Hans Schullin, Vienna (At)<\/li>\n<li>D. Rose Collection, <br \/>Collection K. Spengler,<br \/>Collection K. + M. Rotenberg<\/li>\n<\/ul>\n<h2>Scholarships<\/h2>\n<ul>\n<li><span class=\"zeitraum\">2015 <\/span>work scholarship  Suzhou Art &#038; Design Technology Institute Suzhou, China<\/li>\n<li><span class=\"zeitraum\">1995 <\/span>work scholarship Academy Schloss Solitude, Stuttgart (Ger)<\/li>\n<\/ul>\n<h2>Awards<\/h2>\n<ul>\n<li><span class=\"zeitraum\">2021 <\/span>Collector\u2019s Award, DESIGN WITHOUT BORDERS Budapest<\/li>\n<li><span class=\"zeitraum\">2018 <\/span>DESIGN WITHOUT BORDERS Award, Budapest<\/li>\n<li><span class=\"zeitraum\">2005 <\/span>First prize at the  Eligius jewellery award, Salzburg (AT)<\/li>\n<li><span class=\"zeitraum\">1997 <\/span>Awarding\/ Schmidt prize \u00b497, Vienna (AT)<\/li>\n<li>Awarding\/ \/F.-Wilhelm-M\u00fcller competition  &#8220;In neuer Reihung&#8221;, Schw\u00e4bisch Gm\u00fcnd (Ger)<\/li>\n<li><span class=\"zeitraum\">1992 <\/span>First prize WKO \/ product design ( with Ludwig Kyral) Vienna (At)<\/li>\n<\/ul>\n<h2>Exhibitions<\/h2>\n<ul>\n<li><span class=\"zeitraum\">seit 1991 <\/span>participation in exhibitions in Europe, Asia and the U.S.A.<\/li>\n<\/ul>\n<\/div>\n<p class=\"zitat\">\n<p class=\"kuenstlerlink objekte-online\"><a href=\"http:\/\/www.galerie-slavik.com\/en\/produkt-kategorie\/susanne-hammer\/\">See all objects by Susanne Hammer<\/a><\/p>\n<p class=\"fotonachweis\">\n<p>[vc_row]<\/p>\n<p>[vc_column]<\/p>\n<div class=\"woocommerce columns-4 \"><ul class=\"products columns-4\">\n<li class=\"product type-product post-13042 status-publish first instock product_cat-artist product_cat-necklace product_cat-nicht-startrotation-en product_cat-susanne-hammer has-post-thumbnail product-type-simple\">\n\t<div class=\"product-artist\">Susanne Hammer<\/div><div class=\"product-sku\">Nr. 125213<\/div><\/li>\n<li class=\"product type-product post-13038 status-publish instock product_cat-artist product_cat-necklace product_cat-nicht-startrotation-en product_cat-susanne-hammer has-post-thumbnail product-type-simple\">\n\t<div class=\"product-artist\">Susanne Hammer<\/div><div class=\"product-sku\">Nr. 125212<\/div><\/li>\n<li class=\"product type-product post-13037 status-publish instock product_cat-artist product_cat-necklace product_cat-nicht-startrotation-en product_cat-susanne-hammer has-post-thumbnail product-type-simple\">\n\t<div class=\"product-artist\">Susanne Hammer<\/div><div class=\"product-sku\">Nr. 125211<\/div><\/li>\n<li class=\"product type-product post-13036 status-publish last instock product_cat-artist product_cat-necklace product_cat-nicht-startrotation-en product_cat-susanne-hammer has-post-thumbnail product-type-simple\">\n\t<div class=\"product-artist\">Susanne Hammer<\/div><div class=\"product-sku\">Nr. 125210<\/div><\/li>\n<li class=\"product type-product post-13034 status-publish first instock product_cat-artist product_cat-necklace product_cat-nicht-startrotation-en product_cat-susanne-hammer has-post-thumbnail product-type-simple\">\n\t<div class=\"product-artist\">Susanne Hammer<\/div><div class=\"product-sku\">Nr. 125208<\/div><\/li>\n<li class=\"product type-product post-13033 status-publish instock product_cat-artist product_cat-necklace product_cat-nicht-startrotation-en product_cat-susanne-hammer has-post-thumbnail product-type-simple\">\n\t<div class=\"product-artist\">Susanne Hammer<\/div><div class=\"product-sku\">Nr. 125207<\/div><\/li>\n<li class=\"product type-product post-13035 status-publish instock product_cat-artist product_cat-necklace product_cat-nicht-startrotation-en product_cat-susanne-hammer has-post-thumbnail product-type-simple\">\n\t<div class=\"product-artist\">Susanne Hammer<\/div><div class=\"product-sku\">Nr. 125209<\/div><\/li>\n<li class=\"product type-product post-12516 status-publish last instock product_cat-artist product_cat-necklace product_cat-nicht-startrotation-en product_cat-susanne-hammer has-post-thumbnail product-type-simple\">\n\t<div class=\"product-artist\">Susanne Hammer<\/div><div class=\"product-sku\">Nr. 125205<\/div><\/li>\n<\/ul>\n<\/div>\n<p>[\/vc_column]<\/p>\n<p>[\/vc_row]<\/p>\n<\/div>","protected":false},"excerpt":{"rendered":"Biographie 2004-06 studies at the Univeristy of Applied Arts at Vienna, Erwin Wurm \/ Michael Kienzer, Ernst Beranek \/ James Skone) 1986-93 studies at the Univeristy of Applied Arts at Vienna, Carl Aub\u00f6ck 1986 master&#8217;s diploma for gold smithing Exhibits in public art collections Provinciaal Veiligheidinstituut, Antwerpen Federal chancellor\u00b4s office, departement of Arts, Vienna (At)&#8230; <a class=\"view-article\" href=\"https:\/\/www.galerie-slavik.com\/en\/susanne-hammer\/\">View Article<\/a>","protected":false},"author":0,"featured_media":12429,"parent":0,"menu_order":0,"comment_status":"closed","ping_status":"open","template":"","meta":{"footnotes":""},"categories":[619],"tags":[],"_links":{"self":[{"href":"https:\/\/www.galerie-slavik.com\/en\/wp-json\/wp\/v2\/pages\/12433"}],"collection":[{"href":"https:\/\/www.galerie-slavik.com\/en\/wp-json\/wp\/v2\/pages"}],"about":[{"href":"https:\/\/www.galerie-slavik.com\/en\/wp-json\/wp\/v2\/types\/page"}],"replies":[{"embeddable":true,"href":"https:\/\/www.galerie-slavik.com\/en\/wp-json\/wp\/v2\/comments?post=12433"}],"version-history":[{"count":1,"href":"https:\/\/www.galerie-slavik.com\/en\/wp-json\/wp\/v2\/pages\/12433\/revisions"}],"predecessor-version":[{"id":12452,"href":"https:\/\/www.galerie-slavik.com\/en\/wp-json\/wp\/v2\/pages\/12433\/revisions\/12452"}],"wp:featuredmedia":[{"embeddable":true,"href":"https:\/\/www.galerie-slavik.com\/en\/wp-json\/wp\/v2\/media\/12429"}],"wp:attachment":[{"href":"https:\/\/www.galerie-slavik.com\/en\/wp-json\/wp\/v2\/media?parent=12433"}],"wp:term":[{"taxonomy":"category","embeddable":true,"href":"https:\/\/www.galerie-slavik.com\/en\/wp-json\/wp\/v2\/categories?post=12433"},{"taxonomy":"post_tag","embeddable":true,"href":"https:\/\/www.galerie-slavik.com\/en\/wp-json\/wp\/v2\/tags?post=12433"}],"curies":[{"name":"wp","href":"https:\/\/api.w.org\/{rel}","templated":true}]}}