{"id":811,"date":"2016-05-26T15:30:46","date_gmt":"2016-05-26T13:30:46","guid":{"rendered":"http:\/\/www.galerie-slavik.com\/en\/kuenstler\/maria-baumschlager-duenser\/"},"modified":"2018-09-25T23:17:01","modified_gmt":"2018-09-25T21:17:01","slug":"maria-baumschlager-duenser","status":"publish","type":"page","link":"https:\/\/www.galerie-slavik.com\/en\/maria-baumschlager-duenser\/","title":{"rendered":"Maria Baumschlager-D\u00fcnser"},"content":{"rendered":"<div class=\"wpb-content-wrapper\"><div class=\"biografie\"><div id=\"post_thumbnail\"><img src=\"https:\/\/www.galerie-slavik.com\/wp-content\/uploads\/2016\/05\/k109.jpg\" class=\"attachment-full size-full wp-post-image\" alt=\"\" decoding=\"async\" srcset=\"https:\/\/www.galerie-slavik.com\/wp-content\/uploads\/2016\/05\/k109.jpg 320w, https:\/\/www.galerie-slavik.com\/wp-content\/uploads\/2016\/05\/k109-250x349.jpg 250w, https:\/\/www.galerie-slavik.com\/wp-content\/uploads\/2016\/05\/k109-120x168.jpg 120w\" sizes=\"(max-width: 320px) 100vw, 320px\" \/><\/div>\n<h2>Biographie<\/h2>\n<ul>\n<li><span class=\"zeitraum\">1954 <\/span>geboren in Lustenau, Vorarlberg<\/li>\n<li><span class=\"zeitraum\">1968-72 <\/span>Besuch der Textilschule f\u00fcr Damenschneiderei, Dornbirn<\/li>\n<li><span class=\"zeitraum\">1972-73 <\/span>Ausbildung als Textildessinateur<\/li>\n<li><span class=\"zeitraum\">1973-79 <\/span>Studium an der Hochschule f\u00fcr Angewandte Kunst, Wien<\/li>\n<li><span class=\"zeitraum\">1979-80 <\/span>Abschlu\u00df des Studiums mit Diplom<\/li>\n<li>Seit 1980 als freischaffende K\u00fcnstlerin t\u00e4tig<\/li>\n<\/ul>\n<h2>Awards<\/h2>\n<ul>\n<li><span class=\"zeitraum\">1980 <\/span>Verleihung des Preises der Stadt Wien<\/li>\n<\/ul>\n<h2>Exhibitions<\/h2>\n<ul>\n<li>Numerous international exhibitions.<\/li>\n<\/ul>\n<\/div>\n<p class=\"zitat\">\n<p class=\"kuenstlerlink objekte-online\"><a href=\"http:\/\/www.galerie-slavik.com\/en\/produkt-kategorie\/maria-baumschlager-duenser-artist\/\">See all objects by Maria Baumschlager-D\u00fcnser<\/a><\/p>\n<p class=\"fotonachweis\">Maria Baumschlager<\/p>\n<p>[vc_row]<\/p>\n<p>[vc_column]<\/p>\n<div class=\"woocommerce columns-4 \"><ul class=\"products columns-4\">\n<li class=\"product type-product post-9702 status-publish first instock product_cat-artist product_cat-maria-baumschlager-duenser-artist product_cat-nicht-startrotation-en product_cat-objects has-post-thumbnail product-type-simple\">\n\t<div class=\"product-artist\">Maria Baumschlager-D\u00fcnser<\/div><div class=\"product-sku\">Nr. 110926<\/div><\/li>\n<li class=\"product type-product post-9621 status-publish instock product_cat-artist product_cat-maria-baumschlager-duenser-artist product_cat-nicht-startrotation-en product_cat-objects has-post-thumbnail product-type-simple\">\n\t<div class=\"product-artist\">Maria Baumschlager-D\u00fcnser<\/div><div class=\"product-sku\">Nr. 110925<\/div><\/li>\n<li class=\"product type-product post-8921 status-publish instock product_cat-artist product_cat-maria-baumschlager-duenser-artist product_cat-nicht-startrotation-en product_cat-objects has-post-thumbnail product-type-simple\">\n\t<div class=\"product-artist\">Maria Baumschlager-D\u00fcnser<\/div><div class=\"product-sku\">Nr. 110923<\/div><\/li>\n<li class=\"product type-product post-8919 status-publish last instock product_cat--uebersetzung-fehlt- product_cat-artist product_cat-maria-baumschlager-duenser-artist product_cat-nicht-startrotation-en has-post-thumbnail product-type-simple\">\n\t<div class=\"product-artist\">Maria Baumschlager-D\u00fcnser<\/div><div class=\"product-sku\">Nr. 110921<\/div><\/li>\n<li class=\"product type-product post-5283 status-publish first instock product_cat-artist product_cat-maria-baumschlager-duenser-artist product_cat-nicht-startrotation-en product_cat-objects has-post-thumbnail product-type-simple\">\n\t<div class=\"product-artist\">Maria Baumschlager-D\u00fcnser<\/div><div class=\"product-sku\">Nr. 110920<\/div><\/li>\n<li class=\"product type-product post-5282 status-publish instock product_cat-artist product_cat-maria-baumschlager-duenser-artist product_cat-nicht-startrotation-en product_cat-objects has-post-thumbnail product-type-simple\">\n\t<div class=\"product-artist\">Maria Baumschlager-D\u00fcnser<\/div><div class=\"product-sku\">Nr. 110919<\/div><\/li>\n<li class=\"product type-product post-5281 status-publish instock product_cat-artist product_cat-maria-baumschlager-duenser-artist product_cat-nicht-startrotation-en product_cat-objects has-post-thumbnail product-type-simple\">\n\t<div class=\"product-artist\">Maria Baumschlager-D\u00fcnser<\/div><div class=\"product-sku\">Nr. 110918<\/div><\/li>\n<li class=\"product type-product post-5280 status-publish last instock product_cat-artist product_cat-maria-baumschlager-duenser-artist product_cat-nicht-startrotation-en product_cat-objects has-post-thumbnail product-type-simple\">\n\t<div class=\"product-artist\">Maria Baumschlager-D\u00fcnser<\/div><div class=\"product-sku\">Nr. 110917<\/div><\/li>\n<\/ul>\n<\/div>\n<p>[\/vc_column]<\/p>\n<p>[\/vc_row]<\/p>\n<\/div>","protected":false},"excerpt":{"rendered":"Biographie 1954 geboren in Lustenau, Vorarlberg 1968-72 Besuch der Textilschule f\u00fcr Damenschneiderei, Dornbirn 1972-73 Ausbildung als Textildessinateur 1973-79 Studium an der Hochschule f\u00fcr Angewandte Kunst, Wien 1979-80 Abschlu\u00df des Studiums mit Diplom Seit 1980 als freischaffende K\u00fcnstlerin t\u00e4tig Awards 1980 Verleihung des Preises der Stadt Wien Exhibitions Numerous international exhibitions. See all objects by Maria&#8230; <a class=\"view-article\" href=\"https:\/\/www.galerie-slavik.com\/en\/maria-baumschlager-duenser\/\">View Article<\/a>","protected":false},"author":4,"featured_media":775,"parent":0,"menu_order":0,"comment_status":"closed","ping_status":"open","template":"","meta":{"footnotes":""},"categories":[135,619],"tags":[],"_links":{"self":[{"href":"https:\/\/www.galerie-slavik.com\/en\/wp-json\/wp\/v2\/pages\/811"}],"collection":[{"href":"https:\/\/www.galerie-slavik.com\/en\/wp-json\/wp\/v2\/pages"}],"about":[{"href":"https:\/\/www.galerie-slavik.com\/en\/wp-json\/wp\/v2\/types\/page"}],"author":[{"embeddable":true,"href":"https:\/\/www.galerie-slavik.com\/en\/wp-json\/wp\/v2\/users\/4"}],"replies":[{"embeddable":true,"href":"https:\/\/www.galerie-slavik.com\/en\/wp-json\/wp\/v2\/comments?post=811"}],"version-history":[{"count":4,"href":"https:\/\/www.galerie-slavik.com\/en\/wp-json\/wp\/v2\/pages\/811\/revisions"}],"predecessor-version":[{"id":1620,"href":"https:\/\/www.galerie-slavik.com\/en\/wp-json\/wp\/v2\/pages\/811\/revisions\/1620"}],"wp:featuredmedia":[{"embeddable":true,"href":"https:\/\/www.galerie-slavik.com\/en\/wp-json\/wp\/v2\/media\/775"}],"wp:attachment":[{"href":"https:\/\/www.galerie-slavik.com\/en\/wp-json\/wp\/v2\/media?parent=811"}],"wp:term":[{"taxonomy":"category","embeddable":true,"href":"https:\/\/www.galerie-slavik.com\/en\/wp-json\/wp\/v2\/categories?post=811"},{"taxonomy":"post_tag","embeddable":true,"href":"https:\/\/www.galerie-slavik.com\/en\/wp-json\/wp\/v2\/tags?post=811"}],"curies":[{"name":"wp","href":"https:\/\/api.w.org\/{rel}","templated":true}]}}